{"id":3799,"date":"2015-03-05T13:49:16","date_gmt":"2015-03-05T10:49:16","guid":{"rendered":"http:\/\/stilorganizat.ro\/?page_id=3799"},"modified":"2019-01-20T21:03:22","modified_gmt":"2019-01-20T18:03:22","slug":"home","status":"publish","type":"page","link":"https:\/\/stilorganizat.com\/","title":{"rendered":"Home"},"content":{"rendered":"<div class=\"widget widget_latest_posts\"><h3 class=\"widgettitle\">Articole recente<\/h3>\t\t    <div class=\"latest_posts\">\r\n\t\t\t<ul class=\"small-thumb\">\r\n\t\t\t\t<li>\r\n<div class=\"small-custom-frame-wrapper alignleft\"><div class=\"custom-frame-inner-wrapper\"><div class=\"custom-frame-padding\"><a href=\"https:\/\/stilorganizat.com\/?p=8364\" title=\"Ou\u0103 \u00eennobilate cu litere\"><img src=\"https:\/\/stilorganizat.com\/wp-content\/uploads\/2026\/04\/prezentare-oua-hartie-pe-semineu-scaled-e1775241950351-360x280_c.jpg\" width=\"360\" height=\"280\" alt=\"Ou\u0103 \u00eennobilate cu litere\" \/><\/a><\/div><\/div><\/div>\t\t\t\t    <a class=\"teaser-title\" title=\"Ou\u0103 \u00eennobilate cu litere\" href=\"https:\/\/stilorganizat.com\/?p=8364\">Ou\u0103 \u00eennobilate cu litere<\/a>\r\n\t\t\t\t    <div class=\"teaser-content\">V\u0103 propun un proiect prin care transform\u0103m ou\u0103 din celuloz\u0103 \u00een mici piese cu aspect antic, decorate cu file din c\u0103r\u021bi vechi. Cu alte cuvinte, construim ou\u0103 \u00eennobilate cu litere. Aspectul lor e de papier-mach\u00e9, de\u0219i realizarea e mult mai simpl\u0103. Acestea vor fi numai bune s\u0103 aranj\u0103m casa de Pa\u0219te \u00een mod elegant. Exist\u0103 ceva nobil \u00een toate c\u0103r\u021bile...<\/div>\r\n                                            <a title=\"Ou\u0103 \u00eennobilate cu litere\" href=\"https:\/\/stilorganizat.com\/?p=8364\" class=\"read-more-align-right\"><span>Read more<\/span> &rarr;<\/a>\r\n\t\t\t\t    <div class=\"clear\"><\/div>\r\n\t\t\t\t<\/li>\r\n\t\t\t\t<li>\r\n<div class=\"small-custom-frame-wrapper alignleft\"><div class=\"custom-frame-inner-wrapper\"><div class=\"custom-frame-padding\"><a href=\"https:\/\/stilorganizat.com\/?p=8101\" title=\"Mas\u0103 de Pa\u0219te multicolor\u0103\"><img src=\"https:\/\/stilorganizat.com\/wp-content\/uploads\/2022\/04\/masa-de-paste-360x280_c.jpg\" width=\"360\" height=\"280\" alt=\"masa de Paste\" \/><\/a><\/div><\/div><\/div>\t\t\t\t    <a class=\"teaser-title\" title=\"Mas\u0103 de Pa\u0219te multicolor\u0103\" href=\"https:\/\/stilorganizat.com\/?p=8101\">Mas\u0103 de Pa\u0219te multicolor\u0103<\/a>\r\n\t\t\t\t    <div class=\"teaser-content\">Am redatat acest articol pentru c\u0103 este mereu simpatic s\u0103 revezi mese din trecut \u0219i s\u0103 te inspiri din ele. &#8230;&#8230;&#8230;&#8230;&#8230;&#8230;&#8230;&#8230;&#8230;&#8230;&#8230;&#8230;&#8230;&#8230;&#8230;&#8230;&#8230;&#8230;&#8230;&#8230;&#8230;&#8230;&#8230;&#8230;&#8230;&#8230;&#8230;&#8230;&#8230;. Anul acesta am imaginat o mas\u0103 de Pa\u0219te multicolor\u0103. Vesela e cea pe care am folosit-o la nenum\u0103rate mese de prim\u0103var\u0103. Am combinat obiectele altfel \u0219i m-am bucurat \u00eenc\u0103 o dat\u0103 de ele. De castroanele \u0219i farfuriile Bordallo Pinheiro,...<\/div>\r\n                                            <a title=\"Mas\u0103 de Pa\u0219te multicolor\u0103\" href=\"https:\/\/stilorganizat.com\/?p=8101\" class=\"read-more-align-right\"><span>Read more<\/span> &rarr;<\/a>\r\n\t\t\t\t    <div class=\"clear\"><\/div>\r\n\t\t\t\t<\/li>\r\n\t\t\t\t<li>\r\n<div class=\"small-custom-frame-wrapper alignleft\"><div class=\"custom-frame-inner-wrapper\"><div class=\"custom-frame-padding\"><a href=\"https:\/\/stilorganizat.com\/?p=8343\" title=\"7 lucruri vechi pentru gr\u0103din\u0103rit cu stil\"><img src=\"https:\/\/stilorganizat.com\/wp-content\/uploads\/2026\/03\/manusi-de-gradina-r-360x280_c.jpg\" width=\"360\" height=\"280\" alt=\"manusi pentru trandafiri\" \/><\/a><\/div><\/div><\/div>\t\t\t\t    <a class=\"teaser-title\" title=\"7 lucruri vechi pentru gr\u0103din\u0103rit cu stil\" href=\"https:\/\/stilorganizat.com\/?p=8343\">7 lucruri vechi pentru gr\u0103din\u0103rit cu stil<\/a>\r\n\t\t\t\t    <div class=\"teaser-content\">Ast\u0103zi m\u0103 opresc la 7 lucruri vechi pentru gr\u0103din\u0103rit cu stil. Nu m\u0103 gr\u0103besc niciodat\u0103 s\u0103 arunc lucrurile vechi din cas\u0103 care nu mai pot fi folosite \u00een scopul lor ini\u021bial. Multe dintre ele ajung \u00een locuri de tranzit \u0219i a\u0219teapt\u0103 o idee, un moment creativ sau pur \u0219i simplu o clip\u0103 de bun\u0103voin\u021b\u0103. Acesta e un mod de a...<\/div>\r\n                                            <a title=\"7 lucruri vechi pentru gr\u0103din\u0103rit cu stil\" href=\"https:\/\/stilorganizat.com\/?p=8343\" class=\"read-more-align-right\"><span>Read more<\/span> &rarr;<\/a>\r\n\t\t\t\t    <div class=\"clear\"><\/div>\r\n\t\t\t\t<\/li>\r\n\t\t\t\t<li>\r\n<div class=\"small-custom-frame-wrapper alignleft\"><div class=\"custom-frame-inner-wrapper\"><div class=\"custom-frame-padding\"><a href=\"https:\/\/stilorganizat.com\/?p=8295\" title=\"Mas\u0103 de var\u0103 pe teras\u0103\"><img src=\"https:\/\/stilorganizat.com\/wp-content\/uploads\/2024\/06\/a-Masa-verde-360x280_c.jpg\" width=\"360\" height=\"280\" alt=\"Masa de vara pe terasa\" \/><\/a><\/div><\/div><\/div>\t\t\t\t    <a class=\"teaser-title\" title=\"Mas\u0103 de var\u0103 pe teras\u0103\" href=\"https:\/\/stilorganizat.com\/?p=8295\">Mas\u0103 de var\u0103 pe teras\u0103<\/a>\r\n\t\t\t\t    <div class=\"teaser-content\">Din recenta c\u0103l\u0103torie la Londra m-am ales cu c\u00e2teva piese de ceramic\u0103 Bordallo Pinheiro. Prilej s\u0103 compun o mas\u0103 de var\u0103 pe teras\u0103. Cred c\u0103 e prima dat\u0103 c\u00e2nd descriu o mas\u0103 festiv\u0103 aranjat\u0103 aici. Inspira\u021bia \u00cen magazinele de lux din Londra, acest tip de ceramic\u0103 este foarte bine reprezentat. V\u0103 ar\u0103t c\u00e2teva fotografii de la Fortnum &amp; Mason, Harrods,...<\/div>\r\n                                            <a title=\"Mas\u0103 de var\u0103 pe teras\u0103\" href=\"https:\/\/stilorganizat.com\/?p=8295\" class=\"read-more-align-right\"><span>Read more<\/span> &rarr;<\/a>\r\n\t\t\t\t    <div class=\"clear\"><\/div>\r\n\t\t\t\t<\/li>\r\n\t\t\t\t<li>\r\n<div class=\"small-custom-frame-wrapper alignleft\"><div class=\"custom-frame-inner-wrapper\"><div class=\"custom-frame-padding\"><a href=\"https:\/\/stilorganizat.com\/?p=8275\" title=\"Gr\u0103dina romantic\u0103 \u00een aprilie\"><img src=\"https:\/\/stilorganizat.com\/wp-content\/uploads\/2024\/04\/gradina-romantica-360x280_c.jpg\" width=\"360\" height=\"280\" alt=\"Gradina romantica in aprilie\" \/><\/a><\/div><\/div><\/div>\t\t\t\t    <a class=\"teaser-title\" title=\"Gr\u0103dina romantic\u0103 \u00een aprilie\" href=\"https:\/\/stilorganizat.com\/?p=8275\">Gr\u0103dina romantic\u0103 \u00een aprilie<\/a>\r\n\t\t\t\t    <div class=\"teaser-content\">Un vis care s-a \u00eemplinit. Un proiect ajuns la maturitate. V\u0103 prezint ast\u0103zi gr\u0103dina romantic\u0103 \u00een aprilie 2024. Cum am ajuns aici La \u00eenceput a fost o bucat\u0103 de gr\u0103din\u0103 nedefinit\u0103, cu un cire\u0219, un p\u0103r, un m\u0103r, un trandafir ro\u0219u, c\u00e2teva flori \u0219i multe buruieni. A fost nevoie s\u0103 definesc spa\u021biul construind \u00een mijlocul lui un postament \u00eenalt pe...<\/div>\r\n                                            <a title=\"Gr\u0103dina romantic\u0103 \u00een aprilie\" href=\"https:\/\/stilorganizat.com\/?p=8275\" class=\"read-more-align-right\"><span>Read more<\/span> &rarr;<\/a>\r\n\t\t\t\t    <div class=\"clear\"><\/div>\r\n\t\t\t\t<\/li>\r\n\t\t\t\t<li>\r\n<div class=\"small-custom-frame-wrapper alignleft\"><div class=\"custom-frame-inner-wrapper\"><div class=\"custom-frame-padding\"><a href=\"https:\/\/stilorganizat.com\/?p=8265\" title=\"Cum m\u0103n\u00e2nc 30 de feluri de vegetale pe s\u0103pt\u0103m\u00e2n\u0103\"><img src=\"https:\/\/stilorganizat.com\/wp-content\/uploads\/2024\/04\/salata-cu-capere-360x280_c.jpg\" width=\"360\" height=\"280\" alt=\"Salat\u0103\" \/><\/a><\/div><\/div><\/div>\t\t\t\t    <a class=\"teaser-title\" title=\"Cum m\u0103n\u00e2nc 30 de feluri de vegetale pe s\u0103pt\u0103m\u00e2n\u0103\" href=\"https:\/\/stilorganizat.com\/?p=8265\">Cum m\u0103n\u00e2nc 30 de feluri de vegetale pe s\u0103pt\u0103m\u00e2n\u0103<\/a>\r\n\t\t\t\t    <div class=\"teaser-content\">Am citit lunile trecute un articol despre un studiu care atest\u0103 c\u0103 este s\u0103n\u0103tos s\u0103 m\u0103n\u00e2nci 30 de feluri de vegetale pe s\u0103pt\u0103m\u00e2n\u0103. Se pare c\u0103 este destul de mult citat, a\u0219a c\u0103 pute\u021bi da o c\u0103utare pe google pentru am\u0103nunte. Cert este c\u0103 am primit aceast\u0103 informa\u021bie ca pe o provocare. Pentru c\u0103 prima reac\u021bie este: cum s\u0103 reu\u0219e\u0219ti...<\/div>\r\n                                            <a title=\"Cum m\u0103n\u00e2nc 30 de feluri de vegetale pe s\u0103pt\u0103m\u00e2n\u0103\" href=\"https:\/\/stilorganizat.com\/?p=8265\" class=\"read-more-align-right\"><span>Read more<\/span> &rarr;<\/a>\r\n\t\t\t\t    <div class=\"clear\"><\/div>\r\n\t\t\t\t<\/li>\r\n\t\t\t\t<li>\r\n<div class=\"small-custom-frame-wrapper alignleft\"><div class=\"custom-frame-inner-wrapper\"><div class=\"custom-frame-padding\"><a href=\"https:\/\/stilorganizat.com\/?p=8225\" title=\"Ornamente de lux sau economice?\"><img src=\"https:\/\/stilorganizat.com\/wp-content\/uploads\/2023\/12\/ornament-vintage-si-ornament-nou-11-360x280_c.jpg\" width=\"360\" height=\"280\" alt=\"Ornamente din sticla\" \/><\/a><\/div><\/div><\/div>\t\t\t\t    <a class=\"teaser-title\" title=\"Ornamente de lux sau economice?\" href=\"https:\/\/stilorganizat.com\/?p=8225\">Ornamente de lux sau economice?<\/a>\r\n\t\t\t\t    <div class=\"teaser-content\">R\u0103spunsul pentru mine e simplu: \u0219i, \u0219i. Nout\u0103\u021bile din 2023 cuprind ornamente de lux sau economice \u00een egal\u0103 m\u0103sur\u0103. De la ramuri sau verde\u021buri pe care propria gr\u0103din\u0103 mi le ofer\u0103 gratis, sau lucruri adunate din drume\u021bii pe care nu trebuie s\u0103 dau niciun ban, trec\u00e2nd apoi prin ce g\u0103sesc ieftin \u00een magazine dar mi se pare de calitate, p\u00e2n\u0103...<\/div>\r\n                                            <a title=\"Ornamente de lux sau economice?\" href=\"https:\/\/stilorganizat.com\/?p=8225\" class=\"read-more-align-right\"><span>Read more<\/span> &rarr;<\/a>\r\n\t\t\t\t    <div class=\"clear\"><\/div>\r\n\t\t\t\t<\/li>\r\n\t\t\t\t<li>\r\n<div class=\"small-custom-frame-wrapper alignleft\"><div class=\"custom-frame-inner-wrapper\"><div class=\"custom-frame-padding\"><a href=\"https:\/\/stilorganizat.com\/?p=8204\" title=\"De aranjat \u00een gr\u0103din\u0103\"><img src=\"https:\/\/stilorganizat.com\/wp-content\/uploads\/2023\/05\/glicina-in-pergola-360x280_c.jpg\" width=\"360\" height=\"280\" alt=\"Glicina in floare\" \/><\/a><\/div><\/div><\/div>\t\t\t\t    <a class=\"teaser-title\" title=\"De aranjat \u00een gr\u0103din\u0103\" href=\"https:\/\/stilorganizat.com\/?p=8204\">De aranjat \u00een gr\u0103din\u0103<\/a>\r\n\t\t\t\t    <div class=\"teaser-content\">Am promis c\u0103 voi ar\u0103ta c\u00e2teva fotografii cu p\u0103r\u021bile ur\u00e2te din gr\u0103din\u0103, cu locurile care trebuie \u00eembun\u0103t\u0103\u021bite dup\u0103 perioadele lungi \u00een care am neglijat-o. Sunt cadre largi luate \u00een urm\u0103 cu dou\u0103 luni. Curtea era gola\u0219\u0103, prea pu\u021bin \u00eenverzit\u0103. Dar a\u0219a trebuie f\u0103cute fotografiile care vor ajuta la \u00eembun\u0103t\u0103\u021birea aspectului. C\u00e2nd natura \u00ee\u0219i intr\u0103 \u00een drepturi, aceasta acoper\u0103 mizeria \u0219i...<\/div>\r\n                                            <a title=\"De aranjat \u00een gr\u0103din\u0103\" href=\"https:\/\/stilorganizat.com\/?p=8204\" class=\"read-more-align-right\"><span>Read more<\/span> &rarr;<\/a>\r\n\t\t\t\t    <div class=\"clear\"><\/div>\r\n\t\t\t\t<\/li>\r\n\t\t\t\t<li>\r\n<div class=\"small-custom-frame-wrapper alignleft\"><div class=\"custom-frame-inner-wrapper\"><div class=\"custom-frame-padding\"><a href=\"https:\/\/stilorganizat.com\/?p=8167\" title=\"Gr\u0103dina de aprilie cu florile ei\"><img src=\"https:\/\/stilorganizat.com\/wp-content\/uploads\/2023\/04\/cires-inflorit-360x280_c.jpg\" width=\"360\" height=\"280\" alt=\"cires inflorit\" \/><\/a><\/div><\/div><\/div>\t\t\t\t    <a class=\"teaser-title\" title=\"Gr\u0103dina de aprilie cu florile ei\" href=\"https:\/\/stilorganizat.com\/?p=8167\">Gr\u0103dina de aprilie cu florile ei<\/a>\r\n\t\t\t\t    <div class=\"teaser-content\">Reiau articolele despre gr\u0103dina. Ast\u0103zi scriu despre gr\u0103dina de aprilie, \u00een care includ plantele care sunt la apogeu \u00een aceast\u0103 perioad\u0103. Florile de aprilie Narcisele &#8211; am numeroase soiuri, simple sau b\u0103tute, \u00een toate nuan\u021bele de galben. Cele mai multe formeaz\u0103 straturi compacte pentru c\u0103 le-am l\u0103sat s\u0103 se dezvolte \u00een voie. Am foarte multe zambile b\u0103tute pe care le-am...<\/div>\r\n                                            <a title=\"Gr\u0103dina de aprilie cu florile ei\" href=\"https:\/\/stilorganizat.com\/?p=8167\" class=\"read-more-align-right\"><span>Read more<\/span> &rarr;<\/a>\r\n\t\t\t\t    <div class=\"clear\"><\/div>\r\n\t\t\t\t<\/li>\r\n\t\t\t\t<li>\r\n<div class=\"small-custom-frame-wrapper alignleft\"><div class=\"custom-frame-inner-wrapper\"><div class=\"custom-frame-padding\"><a href=\"https:\/\/stilorganizat.com\/?p=8151\" title=\"Aranjarea orhideelor \u00een vase mari\"><img src=\"https:\/\/stilorganizat.com\/wp-content\/uploads\/2023\/03\/Vas-cu-orhidee-aranjate-cu-muschi-360x280_c.jpg\" width=\"360\" height=\"280\" alt=\"Aranjarea orhideelor in vase mari\" \/><\/a><\/div><\/div><\/div>\t\t\t\t    <a class=\"teaser-title\" title=\"Aranjarea orhideelor \u00een vase mari\" href=\"https:\/\/stilorganizat.com\/?p=8151\">Aranjarea orhideelor \u00een vase mari<\/a>\r\n\t\t\t\t    <div class=\"teaser-content\">La \u00eenceputul prim\u0103verii pia\u021ba a fost inundat\u0103 de orhidee. V\u0103z\u00e2ndu-le \u00een cantit\u0103\u021bi at\u00e2t de mari peste tot, imboldul de a cump\u0103ra, pentru mine \u0219i pentru a oferi, a fost suficient de mare \u00eenc\u00e2t am ajuns s\u0103 am o mic\u0103 gr\u0103din\u0103 exotic\u0103 \u00een cas\u0103. De aici \u0219i ideea care m\u0103 b\u00e2ntuia de mult\u0103 vreme privind aranjarea orhideelor \u00een vase mari. A...<\/div>\r\n                                            <a title=\"Aranjarea orhideelor \u00een vase mari\" href=\"https:\/\/stilorganizat.com\/?p=8151\" class=\"read-more-align-right\"><span>Read more<\/span> &rarr;<\/a>\r\n\t\t\t\t    <div class=\"clear\"><\/div>\r\n\t\t\t\t<\/li>\r\n\t\t\t<\/ul>\r\n\t\t    <\/div><!-- end widget_recent_posts -->\r\n<\/div>\n<p><a href=\"\/?cat=37&amp;paged=2\">Post\u0103ri mai vechi \u2192<\/a><\/p>\n","protected":false},"excerpt":{"rendered":"<p>Post\u0103ri mai vechi \u2192<\/p>\n","protected":false},"author":1,"featured_media":0,"parent":0,"menu_order":0,"comment_status":"open","ping_status":"open","template":"","meta":[],"yoast_head":"<!-- This site is optimized with the Yoast SEO plugin v17.7.1 - https:\/\/yoast.com\/wordpress\/plugins\/seo\/ -->\n<title>Home - StilOrganizat<\/title>\n<meta name=\"robots\" content=\"index, follow, max-snippet:-1, max-image-preview:large, max-video-preview:-1\" \/>\n<link rel=\"canonical\" href=\"https:\/\/stilorganizat.com\/\" \/>\n<meta property=\"og:locale\" content=\"en_US\" \/>\n<meta property=\"og:type\" content=\"article\" \/>\n<meta property=\"og:title\" content=\"Home - StilOrganizat\" \/>\n<meta property=\"og:description\" content=\"Post\u0103ri mai vechi \u2192\" \/>\n<meta property=\"og:url\" content=\"https:\/\/stilorganizat.com\/\" \/>\n<meta property=\"og:site_name\" content=\"StilOrganizat\" \/>\n<meta property=\"article:modified_time\" content=\"2019-01-20T18:03:22+00:00\" \/>\n<meta name=\"twitter:card\" content=\"summary_large_image\" \/>\n<script type=\"application\/ld+json\" class=\"yoast-schema-graph\">{\"@context\":\"https:\/\/schema.org\",\"@graph\":[{\"@type\":[\"Person\",\"Organization\"],\"@id\":\"https:\/\/stilorganizat.com\/#\/schema\/person\/925650ea34ea4181154192c09316af88\",\"name\":\"Ela\",\"image\":{\"@type\":\"ImageObject\",\"@id\":\"https:\/\/stilorganizat.com\/#personlogo\",\"inLanguage\":\"en-US\",\"url\":\"https:\/\/secure.gravatar.com\/avatar\/8760904c7f0aa36ea71caf9864f47f82?s=96&d=identicon&r=g\",\"contentUrl\":\"https:\/\/secure.gravatar.com\/avatar\/8760904c7f0aa36ea71caf9864f47f82?s=96&d=identicon&r=g\",\"caption\":\"Ela\"},\"logo\":{\"@id\":\"https:\/\/stilorganizat.com\/#personlogo\"},\"sameAs\":[\"http:\/\/stilorganizat.ro\"]},{\"@type\":\"WebSite\",\"@id\":\"https:\/\/stilorganizat.com\/#website\",\"url\":\"https:\/\/stilorganizat.com\/\",\"name\":\"StilOrganizat\",\"description\":\"\",\"publisher\":{\"@id\":\"https:\/\/stilorganizat.com\/#\/schema\/person\/925650ea34ea4181154192c09316af88\"},\"potentialAction\":[{\"@type\":\"SearchAction\",\"target\":{\"@type\":\"EntryPoint\",\"urlTemplate\":\"https:\/\/stilorganizat.com\/?s={search_term_string}\"},\"query-input\":\"required name=search_term_string\"}],\"inLanguage\":\"en-US\"},{\"@type\":\"WebPage\",\"@id\":\"https:\/\/stilorganizat.com\/#webpage\",\"url\":\"https:\/\/stilorganizat.com\/\",\"name\":\"Home - StilOrganizat\",\"isPartOf\":{\"@id\":\"https:\/\/stilorganizat.com\/#website\"},\"datePublished\":\"2015-03-05T10:49:16+00:00\",\"dateModified\":\"2019-01-20T18:03:22+00:00\",\"breadcrumb\":{\"@id\":\"https:\/\/stilorganizat.com\/#breadcrumb\"},\"inLanguage\":\"en-US\",\"potentialAction\":[{\"@type\":\"ReadAction\",\"target\":[\"https:\/\/stilorganizat.com\/\"]}]},{\"@type\":\"BreadcrumbList\",\"@id\":\"https:\/\/stilorganizat.com\/#breadcrumb\",\"itemListElement\":[{\"@type\":\"ListItem\",\"position\":1,\"name\":\"Home\",\"item\":\"https:\/\/stilorganizat.com\/\"},{\"@type\":\"ListItem\",\"position\":2,\"name\":\"Home\"}]}]}<\/script>\n<!-- \/ Yoast SEO plugin. -->","yoast_head_json":{"title":"Home - StilOrganizat","robots":{"index":"index","follow":"follow","max-snippet":"max-snippet:-1","max-image-preview":"max-image-preview:large","max-video-preview":"max-video-preview:-1"},"canonical":"https:\/\/stilorganizat.com\/","og_locale":"en_US","og_type":"article","og_title":"Home - StilOrganizat","og_description":"Post\u0103ri mai vechi \u2192","og_url":"https:\/\/stilorganizat.com\/","og_site_name":"StilOrganizat","article_modified_time":"2019-01-20T18:03:22+00:00","twitter_card":"summary_large_image","schema":{"@context":"https:\/\/schema.org","@graph":[{"@type":["Person","Organization"],"@id":"https:\/\/stilorganizat.com\/#\/schema\/person\/925650ea34ea4181154192c09316af88","name":"Ela","image":{"@type":"ImageObject","@id":"https:\/\/stilorganizat.com\/#personlogo","inLanguage":"en-US","url":"https:\/\/secure.gravatar.com\/avatar\/8760904c7f0aa36ea71caf9864f47f82?s=96&d=identicon&r=g","contentUrl":"https:\/\/secure.gravatar.com\/avatar\/8760904c7f0aa36ea71caf9864f47f82?s=96&d=identicon&r=g","caption":"Ela"},"logo":{"@id":"https:\/\/stilorganizat.com\/#personlogo"},"sameAs":["http:\/\/stilorganizat.ro"]},{"@type":"WebSite","@id":"https:\/\/stilorganizat.com\/#website","url":"https:\/\/stilorganizat.com\/","name":"StilOrganizat","description":"","publisher":{"@id":"https:\/\/stilorganizat.com\/#\/schema\/person\/925650ea34ea4181154192c09316af88"},"potentialAction":[{"@type":"SearchAction","target":{"@type":"EntryPoint","urlTemplate":"https:\/\/stilorganizat.com\/?s={search_term_string}"},"query-input":"required name=search_term_string"}],"inLanguage":"en-US"},{"@type":"WebPage","@id":"https:\/\/stilorganizat.com\/#webpage","url":"https:\/\/stilorganizat.com\/","name":"Home - StilOrganizat","isPartOf":{"@id":"https:\/\/stilorganizat.com\/#website"},"datePublished":"2015-03-05T10:49:16+00:00","dateModified":"2019-01-20T18:03:22+00:00","breadcrumb":{"@id":"https:\/\/stilorganizat.com\/#breadcrumb"},"inLanguage":"en-US","potentialAction":[{"@type":"ReadAction","target":["https:\/\/stilorganizat.com\/"]}]},{"@type":"BreadcrumbList","@id":"https:\/\/stilorganizat.com\/#breadcrumb","itemListElement":[{"@type":"ListItem","position":1,"name":"Home","item":"https:\/\/stilorganizat.com\/"},{"@type":"ListItem","position":2,"name":"Home"}]}]}},"_links":{"self":[{"href":"https:\/\/stilorganizat.com\/index.php?rest_route=\/wp\/v2\/pages\/3799"}],"collection":[{"href":"https:\/\/stilorganizat.com\/index.php?rest_route=\/wp\/v2\/pages"}],"about":[{"href":"https:\/\/stilorganizat.com\/index.php?rest_route=\/wp\/v2\/types\/page"}],"author":[{"embeddable":true,"href":"https:\/\/stilorganizat.com\/index.php?rest_route=\/wp\/v2\/users\/1"}],"replies":[{"embeddable":true,"href":"https:\/\/stilorganizat.com\/index.php?rest_route=%2Fwp%2Fv2%2Fcomments&post=3799"}],"version-history":[{"count":4,"href":"https:\/\/stilorganizat.com\/index.php?rest_route=\/wp\/v2\/pages\/3799\/revisions"}],"predecessor-version":[{"id":5661,"href":"https:\/\/stilorganizat.com\/index.php?rest_route=\/wp\/v2\/pages\/3799\/revisions\/5661"}],"wp:attachment":[{"href":"https:\/\/stilorganizat.com\/index.php?rest_route=%2Fwp%2Fv2%2Fmedia&parent=3799"}],"curies":[{"name":"wp","href":"https:\/\/api.w.org\/{rel}","templated":true}]}}